{"id":14284,"date":"2021-06-11T10:28:36","date_gmt":"2021-06-11T08:28:36","guid":{"rendered":"http:\/\/terraforming.org\/?page_id=14284"},"modified":"2023-01-19T10:38:43","modified_gmt":"2023-01-19T09:38:43","slug":"hannah-projekat","status":"publish","type":"page","link":"https:\/\/terraforming.org\/sr\/hannah-projekat\/","title":{"rendered":"HANNAH"},"content":{"rendered":"<div  class='avia-slideshow av-kxrfjyph-c7c206f79696e3610fa5eef983bd2f1a avia-slideshow-featured_large av_slideshow avia-fade-slider  avia-builder-el-0  el_before_av_three_fourth  avia-builder-el-first  av-slideshow-ui av-control-hidden av-no-slider-navigation av-hide-nav-arrows av-slideshow-manual av-loop-once av-loop-manual-endless av-default-height-applied avia-slideshow-1' data-slideshow-options=\"{&quot;animation&quot;:&quot;fade&quot;,&quot;autoplay&quot;:false,&quot;loop_autoplay&quot;:&quot;once&quot;,&quot;interval&quot;:100,&quot;loop_manual&quot;:&quot;manual-endless&quot;,&quot;autoplay_stopper&quot;:false,&quot;noNavigation&quot;:true,&quot;bg_slider&quot;:false,&quot;keep_padding&quot;:false,&quot;hoverpause&quot;:false,&quot;show_slide_delay&quot;:0}\"  itemprop=\"image\" itemscope=\"itemscope\" itemtype=\"https:\/\/schema.org\/ImageObject\" ><ul class='avia-slideshow-inner ' style='padding-bottom: 42%;'><li  class='avia-slideshow-slide av-kxrfjyph-c7c206f79696e3610fa5eef983bd2f1a__0  av-single-slide slide-1 slide-odd'><div data-rel='slideshow-1' class='avia-slide-wrap '   ><img decoding=\"async\" fetchpriority=\"high\" class=\"wp-image-15667 avia-img-lazy-loading-not-15667\"  src=\"https:\/\/terraforming.org\/wp-content\/uploads\/2021\/12\/IMG_9898-1500x630.jpg\" width=\"1500\" height=\"630\" title='IMG_9898' alt=''  itemprop=\"thumbnailUrl\"   \/><\/div><\/li><\/ul><div class='av-slideshow-caption av-kxrfjyph-c7c206f79696e3610fa5eef983bd2f1a__0 avia-caption'><div class=\"avia-inner-caption\"><h2 class='avia-caption-title '  itemprop=\"name\" >HANNAH<\/h2><div class='avia-caption-content '  itemprop=\"description\" ><p>Me\u0111unarodna platforma za edukaciju o antisemitizmu.<\/p>\n<\/div><\/div><\/div><\/div>\n\n<style type=\"text\/css\" data-created_by=\"avia_inline_auto\" id=\"style-css-av-wxmx3g-13fc1b5a93d0b6958c1680eecb89f3bc\">\n.flex_column.av-wxmx3g-13fc1b5a93d0b6958c1680eecb89f3bc{\nborder-radius:0px 0px 0px 0px;\npadding:0px 0px 0px 0px;\n}\n<\/style>\n<div  class='flex_column av-wxmx3g-13fc1b5a93d0b6958c1680eecb89f3bc av_three_fourth  avia-builder-el-1  el_after_av_slideshow  el_before_av_one_fourth  first flex_column_div av-zero-column-padding  '     ><style type=\"text\/css\" data-created_by=\"avia_inline_auto\" id=\"style-css-av-kowrgu9d-2bc154ef28dc9b9d5f884d21be11ac5b\">\n#top .av_textblock_section.av-kowrgu9d-2bc154ef28dc9b9d5f884d21be11ac5b .avia_textblock{\nfont-size:15px;\n}\n<\/style>\n<section  class='av_textblock_section av-kowrgu9d-2bc154ef28dc9b9d5f884d21be11ac5b '   itemscope=\"itemscope\" itemtype=\"https:\/\/schema.org\/CreativeWork\" ><div class='avia_textblock'  itemprop=\"text\" ><h1>Edukacija o antisemitizmu i istoriji jevrejskih zajednica<\/h1>\n<h4><\/h4>\n<\/div><\/section><\/div>\n\n<style type=\"text\/css\" data-created_by=\"avia_inline_auto\" id=\"style-css-av-skec8c-ed77fbbade779d6ecddf7a487b81ff33\">\n.flex_column.av-skec8c-ed77fbbade779d6ecddf7a487b81ff33{\nborder-radius:0px 0px 0px 0px;\npadding:0px 0px 0px 0px;\n}\n<\/style>\n<div  class='flex_column av-skec8c-ed77fbbade779d6ecddf7a487b81ff33 av_one_fourth  avia-builder-el-3  el_after_av_three_fourth  el_before_av_three_fifth  flex_column_div av-zero-column-padding  '     ><style type=\"text\/css\" data-created_by=\"avia_inline_auto\" id=\"style-css-av-k55cgj21-d249bb0690e69fde9f17b7c27fa0a3ac\">\n.avia-image-container.av-k55cgj21-d249bb0690e69fde9f17b7c27fa0a3ac img.avia_image{\nbox-shadow:none;\n}\n.avia-image-container.av-k55cgj21-d249bb0690e69fde9f17b7c27fa0a3ac .av-caption-image-overlay-bg{\nopacity:0.4;\nbackground-color:#000000;\n}\n.avia-image-container.av-k55cgj21-d249bb0690e69fde9f17b7c27fa0a3ac .av-image-caption-overlay-center{\ncolor:#ffffff;\n}\n<\/style>\n<div  class='avia-image-container av-k55cgj21-d249bb0690e69fde9f17b7c27fa0a3ac av-styling- av-img-linked avia-align-center  avia-builder-el-4  avia-builder-el-no-sibling  noHover av-overlay-on-hover'   itemprop=\"image\" itemscope=\"itemscope\" itemtype=\"https:\/\/schema.org\/ImageObject\" ><div class=\"avia-image-container-inner\"><div class=\"avia-image-overlay-wrap\"><a href=\"https:\/\/www.minrzs.gov.rs\/sr\/projekti\/programi\/program-prava-jednakost-i-drzavljanstvo\" class='avia_image '  target=\"_blank\"  rel=\"noopener noreferrer\" aria-label='preuzimanje'><div class=\"av-image-caption-overlay\"><div class=\"av-caption-image-overlay-bg\"><\/div><div class=\"av-image-caption-overlay-position\"><div class=\"av-image-caption-overlay-center\"><\/div><\/div><\/div><img decoding=\"async\" fetchpriority=\"high\" class='wp-image-14297 avia-img-lazy-loading-not-14297 avia_image ' src=\"https:\/\/terraforming.org\/wp-content\/uploads\/2021\/06\/preuzimanje.png\" alt='' title='preuzimanje'  height=\"167\" width=\"301\"  itemprop=\"thumbnailUrl\"  \/><\/a><\/div><\/div><\/div><\/div>\n\n<style type=\"text\/css\" data-created_by=\"avia_inline_auto\" id=\"style-css-av-18pheaz-ac17f400b18c159f661625ab059af3f8\">\n.flex_column.av-18pheaz-ac17f400b18c159f661625ab059af3f8{\nborder-radius:0px 0px 0px 0px;\npadding:0px 0px 0px 0px;\n}\n<\/style>\n<div  class='flex_column av-18pheaz-ac17f400b18c159f661625ab059af3f8 av_three_fifth  avia-builder-el-5  el_after_av_one_fourth  el_before_av_two_fifth  first flex_column_div av-zero-column-padding  column-top-margin'     ><style type=\"text\/css\" data-created_by=\"avia_inline_auto\" id=\"style-css-av-k55jjz0v-d6c8f2a8e746ddb33d9dcd278a433c57\">\n#top .av_textblock_section.av-k55jjz0v-d6c8f2a8e746ddb33d9dcd278a433c57 .avia_textblock{\nfont-size:15px;\n}\n<\/style>\n<section  class='av_textblock_section av-k55jjz0v-d6c8f2a8e746ddb33d9dcd278a433c57 '   itemscope=\"itemscope\" itemtype=\"https:\/\/schema.org\/CreativeWork\" ><div class='avia_textblock'  itemprop=\"text\" ><h4>Vreme projekta: 01. decembar 2020. &#8211; 30. novembar 2022.<\/h4>\n<\/div><\/section><br \/>\n\n<style type=\"text\/css\" data-created_by=\"avia_inline_auto\" id=\"style-css-av-n545t8-6fb256d2f5ff2837b2235179d65a1a1f\">\n#top .av_textblock_section.av-n545t8-6fb256d2f5ff2837b2235179d65a1a1f .avia_textblock{\nfont-size:15px;\n}\n<\/style>\n<section  class='av_textblock_section av-n545t8-6fb256d2f5ff2837b2235179d65a1a1f '   itemscope=\"itemscope\" itemtype=\"https:\/\/schema.org\/CreativeWork\" ><div class='avia_textblock'  itemprop=\"text\" ><p>HANNAH projekat se fokusira na promociju istorije jevrejske zajednice, razvijanje kulture se\u0107anja i ja\u010danje borbe protiv antisemitizma u zemljama u\u010desnicama projekta: Nema\u010dkoj, Gr\u010dkoj, Srbiji i Poljskoj. Aktivnosti projekta \u0107e biti posve\u0107ene razvijanju metodologija i materijala za obuku i ja\u010danje profesionalnog kapaciteta, podizanje svesti i doprinos kreiranju politika na polju edukacije i suprotstavljanja antisemitizmu.<\/p>\n<p>HANNAH \u0107e doprineti \u0161irenju znanja o dugoj istoriji jevrejske zajednice u Nema\u010dkoj, Gr\u010dkoj, Srbiji i Poljskoj, ja\u010danju kulture se\u0107anja i svesti o problemu antisemitizma, kroz ja\u010danje profesionalnog kapaciteta nastavnika, bibliotekara, arhivista, mladih, kao i kreatora politike.<\/p>\n<p>U okviru projekta HANNAH, partneri \u0107e raditi na produbljavanju znanja, kreiranju novih formata kulture se\u0107anja i razvijanju inovativnih alata za borbu protiv antisemitizma koriste\u0107i inovativne alate kao \u0161to su edukativna grafi\u010dka novela, dokumentarni film, sakupljanje i prezentacija oralne istorije jevrejske zajednice, i drugo.<\/p>\n<\/div><\/section><br \/>\n<div  class='hr av-sd94z0-c2657395d14f9059b62d9c6bfcfda686 hr-default  avia-builder-el-8  el_after_av_textblock  avia-builder-el-last '><span class='hr-inner '><span class=\"hr-inner-style\"><\/span><\/span><\/div><\/p><\/div>\n\n<style type=\"text\/css\" data-created_by=\"avia_inline_auto\" id=\"style-css-av-14aedgr-fd284ca5f1c040caed1225b5d39b18e6\">\n.flex_column.av-14aedgr-fd284ca5f1c040caed1225b5d39b18e6{\nborder-radius:0px 0px 0px 0px;\npadding:0px 0px 0px 0px;\n}\n<\/style>\n<div  class='flex_column av-14aedgr-fd284ca5f1c040caed1225b5d39b18e6 av_two_fifth  avia-builder-el-9  el_after_av_three_fifth  el_before_av_textblock  flex_column_div av-zero-column-padding  column-top-margin'     ><style type=\"text\/css\" data-created_by=\"avia_inline_auto\" id=\"style-css-av-k8156z-1af4e5d0997bf1db3c35bc66aa549f9b\">\n#top .av_textblock_section.av-k8156z-1af4e5d0997bf1db3c35bc66aa549f9b .avia_textblock{\nfont-size:15px;\n}\n<\/style>\n<section  class='av_textblock_section av-k8156z-1af4e5d0997bf1db3c35bc66aa549f9b '   itemscope=\"itemscope\" itemtype=\"https:\/\/schema.org\/CreativeWork\" ><div class='avia_textblock'  itemprop=\"text\" ><h2>Partneri:<\/h2>\n<p><em>Projekat je razvio i vodi:<\/em><\/p>\n<ul>\n<li><span style=\"font-weight: 400;\"><a href=\"https:\/\/www.jkpev.de\/en\/\" target=\"_blank\" rel=\"noopener noreferrer nofollow\">JKP<\/a>, <strong>Nema\u010dka<\/strong> (Jugend-Kulturpojekt EV DE)<\/span><\/li>\n<\/ul>\n<p><em>Partneri:<\/em><\/p>\n<ul>\n<li style=\"font-weight: 400;\" aria-level=\"1\"><span style=\"font-weight: 400;\"><a href=\"\/?p=992\" target=\"_blank\" rel=\"noopener\">Teraforming<\/a>, <strong>Srbija<\/strong><\/span><\/li>\n<li style=\"font-weight: 400;\" aria-level=\"1\"><span style=\"font-weight: 400;\"><a href=\"https:\/\/www.centropa.org\/de\/about-centropa\" target=\"_blank\" rel=\"noopener noreferrer nofollow\">CENTROPA &#8211; Centar za jevrejsku istoriju 20. veka iz Hamburga<\/a>, <strong>Nema\u010dka<\/strong><br \/>\n(Centropa &#8211; Zentrum f\u00fcr J\u00fcdische Geschichte des 20. Jahrhunderts e.V. Germany)<\/span><\/li>\n<li style=\"font-weight: 400;\" aria-level=\"1\"><span style=\"font-weight: 400;\"><a href=\"https:\/\/www.jewishmuseum.gr\/en\/\" target=\"_blank\" rel=\"noopener noreferrer nofollow\">Jevrejski muzej Gr\u010dke iz Atine<\/a>, <strong>Gr\u010dka<\/strong><br \/>\n(The Jewish Museum of Greece)<\/span><\/li>\n<li style=\"font-weight: 400;\" aria-level=\"1\"><span style=\"font-weight: 400;\"><a href=\"https:\/\/read-lab.eu\/\" target=\"_blank\" rel=\"noopener noreferrer nofollow\">ReadLab &#8211; kompanija za istra\u017eiva\u010dke inovacije i razvoj<\/a>, <strong>Gr\u010dka<\/strong><br \/>\n(ReadLab &#8211; Research innovation and development lab)<\/span><\/li>\n<li style=\"font-weight: 400;\" aria-level=\"1\"><span style=\"font-weight: 400;\"><a href=\"http:\/\/galiciajewishmuseum.org\/en\/home-page\/\" target=\"_blank\" rel=\"noopener noreferrer nofollow\">Muzej Galicijskih Jevreja iz Krakova<\/a>, <strong>Poljska<\/strong><br \/>\n(Fundacja Galicia Jewish Heritage Institute)<\/span><\/li>\n<\/ul>\n<\/div><\/section><\/div>\n<section  class='av_textblock_section av-l7ysv57i-99857514f93e066946ad02590eccbd22 '   itemscope=\"itemscope\" itemtype=\"https:\/\/schema.org\/CreativeWork\" ><div class='avia_textblock'  itemprop=\"text\" ><h2>Novosti<\/h2>\n<\/div><\/section>\n<\/div><\/div><\/div><!-- close content main div --><\/div><\/div><div id='av_section_1'  class='avia-section av-l7ysklud-0ec2f2d90b97ef7c60782d5bbd146e51 alternate_color avia-section-default avia-no-border-styling  avia-builder-el-12  el_after_av_textblock  el_before_av_section  avia-bg-style-scroll container_wrap fullsize'  ><div class='container av-section-cont-open' ><div class='template-page content  av-content-full alpha units'><div class='post-entry post-entry-type-page post-entry-14284'><div class='entry-content-wrapper clearfix'>\n<div  class='flex_column av-18lbdf0-eeb13c297fc2b26480710feb9a2450ca av_two_third  avia-builder-el-13  el_before_av_one_third  avia-builder-el-first  first flex_column_div  '     ><section  class='av_textblock_section av-l7yso8lp-07d90e069168aa36ac17c2b882464bbb '   itemscope=\"itemscope\" itemtype=\"https:\/\/schema.org\/CreativeWork\" ><div class='avia_textblock'  itemprop=\"text\" ><h2>Rezultati takmi\u010denja za mlade<\/h2>\n<\/div><\/section><br \/>\n<section  class='av_textblock_section av-l7ysq476-6e13702e7b94d0f8a9bc17699f97e097 '   itemscope=\"itemscope\" itemtype=\"https:\/\/schema.org\/CreativeWork\" ><div class='avia_textblock'  itemprop=\"text\" ><p>U okviru projekta HANNAH organizovali smo me\u0111unarodno takmi\u010denje za mlade u digitalnom pripovedanju o istoriji Jevreja \u201cDigital Storytelling\u201d.<\/p>\n<p>Na takmi\u010denje su se prijavljivali u\u010denici iz Gr\u010dke, Nema\u010dke, Poljske i Srbije koji su snimali kratke dokumentarne filmove u trajanju 5-7 minuta o istoriji Jevreja u njihovom gradu. Primili smo mnogo zanimljivih priloga iz razli\u010ditih mesta. Svi radovi su bili veoma kvalitetni i kreativni, a nagrade su osvojili slede\u0107i:<\/p>\n<h3><strong>\n<style type=\"text\/css\" data-created_by=\"avia_inline_auto\" id=\"style-css-av-2575lpo-4ce91ca9c889250c09e405a07c1718a6\">\n.av_font_icon.av-2575lpo-4ce91ca9c889250c09e405a07c1718a6 .av-icon-char{\nfont-size:20px;\nline-height:20px;\n}\n<\/style>\n<span  class='av_font_icon av-2575lpo-4ce91ca9c889250c09e405a07c1718a6 avia_animate_when_visible av-icon-style- avia-icon-pos-left avia-iconfont avia-font-entypo-fontello av-no-color avia-icon-animate'><span class='av-icon-char' data-av_icon='\ue8a8' data-av_iconfont='entypo-fontello' aria-hidden=\"true\" ><\/span><\/span> <\/strong><strong>Prvo mesto:<\/strong><\/h3>\n<ul>\n<li>Antonia and Kornelia Bryja &#8211; \u201cJewish Cemetery in Kalisz\u201d (Poljska)<\/li>\n<li>Sylwia Staniewska and Joanna Wiertelak &#8211; \u201cJerzy Dorys &#8211; photographer of celebrities\u201d (Poljska)<\/li>\n<li>Petros Avramidis, Konstantina &#8211; Iliana Gritziou, Olimpia Zerva, Panagiotis Zefkidis, Eleftheria Makri, Marilita Makri, Despina Manta Konstantina Paitari, Elissabeth Petropoulou, Marina Taousanidou, Smaragda Tsotra and Martha &#8211; Maria Psila &#8211; \u201cGrandes Maisons\u201d (Gr\u010dka)<\/li>\n<li>10th grade religious studies course of Albert-Einstein-Schule Schwalbach\/Taunus &#8211; \u201cIch bin zuhause, wenn ich in der Synagoge bin. Vom alten J\u00fcdischen Friedhof in Bad Soden zur Westendsynagoge. Sch\u00fclerinnen und Sch\u00fcler auf Spurensuche j\u00fcdischen Lebens in ihrer Umgebung&#8220; (Nema\u010dka)<\/li>\n<\/ul>\n<h3><strong>\n<style type=\"text\/css\" data-created_by=\"avia_inline_auto\" id=\"style-css-av-1ol5tpo-03645dfc12e90a722c75c435970003bf\">\n.av_font_icon.av-1ol5tpo-03645dfc12e90a722c75c435970003bf .av-icon-char{\nfont-size:20px;\nline-height:20px;\n}\n<\/style>\n<span  class='av_font_icon av-1ol5tpo-03645dfc12e90a722c75c435970003bf avia_animate_when_visible av-icon-style- avia-icon-pos-left avia-iconfont avia-font-entypo-fontello av-no-color avia-icon-animate'><span class='av-icon-char' data-av_icon='\ue8a8' data-av_iconfont='entypo-fontello' aria-hidden=\"true\" ><\/span><\/span> Drugo mesto:<\/strong><\/h3>\n<ul>\n<li>Kacper Kurczewski &#8211; \u201cCity of Forgotten Heroes\u201d (Poljska)<\/li>\n<li>Maciej Kitala &#8211; &#8222;Lustiger &#8211; B\u0119dzin&#8220;(Poljska)<\/li>\n<li>Daniele Giuli &#8211; &#8222;Pain of the past &#8211; anxiety for the future&#8220; (Gr\u010dka)<\/li>\n<li>Emilija Pe\u0161i\u0107- \u201cRu\u017ea Lerinc\u201d (Srbija)<\/li>\n<\/ul>\n<h3><strong>\n<style type=\"text\/css\" data-created_by=\"avia_inline_auto\" id=\"style-css-av-10eynxo-71eff4c5705fa13d6bd68a811c61bce9\">\n.av_font_icon.av-10eynxo-71eff4c5705fa13d6bd68a811c61bce9 .av-icon-char{\nfont-size:20px;\nline-height:20px;\n}\n<\/style>\n<span  class='av_font_icon av-10eynxo-71eff4c5705fa13d6bd68a811c61bce9 avia_animate_when_visible av-icon-style- avia-icon-pos-left avia-iconfont avia-font-entypo-fontello av-no-color avia-icon-animate'><span class='av-icon-char' data-av_icon='\ue8a8' data-av_iconfont='entypo-fontello' aria-hidden=\"true\" ><\/span><\/span> <\/strong><strong>Tre\u0107e mesto:<\/strong><\/h3>\n<ul>\n<li>Aneta \u015awi\u0119s &#8211; &#8222;Medallion&#8220; (Poljska)<\/li>\n<li>Jan Hyacent &#8211; &#8222;Goodbye my diary&#8220; (Poljska)<\/li>\n<li>Papaoulakis Isidoros &#8211; \u201cTime has frozen!\u201d (Gr\u010dka)<\/li>\n<li>Iva Rodi\u0107 &#8211; Se\u0107anje na jevrejski Novi Sad (Srbija)<\/li>\n<\/ul>\n<p>Nagra\u0111eni radovi su bili prikazani na <strong>finalnoj konferenciji u Atini koja je odr\u017eana<\/strong> <strong>10-11. Novembra 2022<\/strong>.<\/p>\n<h3>Nagra\u0111ene projekte mo\u017eete da vidite na stranici <a href=\"https:\/\/hannah-project.eu\/sr\/\" target=\"_blank\" rel=\"noopener noreferrer nofollow\">HANNAH projekta<\/a>.<\/h3>\n<p><strong>Zahvaljujemo se svim u\u010desnicima!<\/strong><\/p>\n<\/div><\/section><\/p><\/div><div  class='flex_column av-juxm8c-0c5de5ccbcc0489410ee14f19ecc74e9 av_one_third  avia-builder-el-19  el_after_av_two_third  avia-builder-el-last  flex_column_div  '     ><p>\n<style type=\"text\/css\" data-created_by=\"avia_inline_auto\" id=\"style-css-av-la82dakr-946d641c891faa9262fe39ab997ddf1f\">\n#top .hr.hr-invisible.av-la82dakr-946d641c891faa9262fe39ab997ddf1f{\nheight:150px;\n}\n<\/style>\n<div  class='hr av-la82dakr-946d641c891faa9262fe39ab997ddf1f hr-invisible  avia-builder-el-20  el_before_av_hr  avia-builder-el-first '><span class='hr-inner '><span class=\"hr-inner-style\"><\/span><\/span><\/div><br \/>\n\n<style type=\"text\/css\" data-created_by=\"avia_inline_auto\" id=\"style-css-av-la82eu8u-65df058879f3361ba99b6065e553c493\">\n#top .hr.hr-invisible.av-la82eu8u-65df058879f3361ba99b6065e553c493{\nheight:100px;\n}\n<\/style>\n<div  class='hr av-la82eu8u-65df058879f3361ba99b6065e553c493 hr-invisible  avia-builder-el-21  el_after_av_hr  el_before_av_image '><span class='hr-inner '><span class=\"hr-inner-style\"><\/span><\/span><\/div><br \/>\n\n<style type=\"text\/css\" data-created_by=\"avia_inline_auto\" id=\"style-css-av-kljoz0-5e787c70a0b3720552e5921aa1de5196\">\n.avia-image-container.av-kljoz0-5e787c70a0b3720552e5921aa1de5196 img.avia_image{\nbox-shadow:none;\n}\n.avia-image-container.av-kljoz0-5e787c70a0b3720552e5921aa1de5196 .av-image-caption-overlay-center{\ncolor:#ffffff;\n}\n<\/style>\n<div  class='avia-image-container av-kljoz0-5e787c70a0b3720552e5921aa1de5196 av-styling- avia-align-center  avia-builder-el-22  el_after_av_hr  avia-builder-el-last '   itemprop=\"image\" itemscope=\"itemscope\" itemtype=\"https:\/\/schema.org\/ImageObject\" ><div class=\"avia-image-container-inner\"><div class=\"avia-image-overlay-wrap\"><img decoding=\"async\" fetchpriority=\"high\" class='wp-image-17688 avia-img-lazy-loading-not-17688 avia_image ' src=\"https:\/\/terraforming.org\/wp-content\/uploads\/2022\/11\/313023734_496986135821315_6279212941519680067_n.jpg\" alt='' title=''  height=\"503\" width=\"600\"  itemprop=\"thumbnailUrl\" srcset=\"https:\/\/terraforming.org\/wp-content\/uploads\/2022\/11\/313023734_496986135821315_6279212941519680067_n.jpg 600w, https:\/\/terraforming.org\/wp-content\/uploads\/2022\/11\/313023734_496986135821315_6279212941519680067_n-300x252.jpg 300w\" sizes=\"(max-width: 600px) 100vw, 600px\" \/><\/div><\/div><\/div><\/p><\/div><\/div><\/div><\/div><!-- close content main div --><\/div><\/div><div id='av_section_2'  class='avia-section av-rn47ik-ce3960f66f129b7374da165640bba07d main_color avia-section-default avia-no-border-styling  avia-builder-el-23  el_after_av_section  el_before_av_section  avia-bg-style-scroll container_wrap fullsize'  ><div class='container av-section-cont-open' ><div class='template-page content  av-content-full alpha units'><div class='post-entry post-entry-type-page post-entry-14284'><div class='entry-content-wrapper clearfix'>\n<div  class='flex_column av-zmv06k-e9686742f8749273ff97284927c2f421 av_one_full  avia-builder-el-24  avia-builder-el-no-sibling  first flex_column_div  '     ><section  class='av_textblock_section av-la6qswx9-f1fdd780d84dfca286a3d7937b166e8a '   itemscope=\"itemscope\" itemtype=\"https:\/\/schema.org\/CreativeWork\" ><div class='avia_textblock'  itemprop=\"text\" ><h2>Prijavite se na besplatni onlajn kurs<\/h2>\n<\/div><\/section><br \/>\n<section  class='av_textblock_section av-la6r363g-9b0016d880bf800eb6f92947fff4d9a7 '   itemscope=\"itemscope\" itemtype=\"https:\/\/schema.org\/CreativeWork\" ><div class='avia_textblock'  itemprop=\"text\" ><h3>Besplatni onlajn kurs &#8222;\u017divot Jevreja i savremeni antisemitizam u Nema\u010dkoj, Gr\u010dkoj, Poljskoj i Srbiji&#8220; je jo\u0161 uvek dostupan!<\/h3>\n<p>\u0160est partnera je udru\u017eilo snage da istra\u017ee probleme povezane sa \u017eivotom jevrejskog naroda i modernim antisemitizmom u Evropi, uklju\u010duju\u0107i i to:<br \/>\nKako su jevrejske zajednice stvorene i kako su se razvijale u razli\u010ditim delovima Evrope?Kakve vrste antisemitizma postoje? Kako se on manifestuje na razli\u010ditim mestima u Evropi? Kako je antisemitizam povezan sa Holokaustom? Kako se antisemitizam ispoljava danas? Kako mo\u017eemo da se borimo protiv antisemitizma?<\/p>\n<p><strong>Koje teme kurs pokriva?<\/strong><\/p>\n<p>\u2022 \u017divot jevrejskih zajednica i njihova istorija u srcu Evrope (Poljska, Nema\u010dka), ali i u periferijama (Srbija i Gr\u010dka)<\/p>\n<p>\u2022 Percepcija jevrejskih identiteta preko \u010ditanja i slu\u0161anja usmenih svedo\u010danstava onih koji su pre\u017eiveli Holokaust i druge generacije pre\u017eivelih Holokausta<\/p>\n<p>\u2022 Brojne vrste antisemitskih narativa<\/p>\n<p>\u2022 Razli\u010diti na\u010din na koji se antisemitizam manifestuje<\/p>\n<p>\u2022 Na\u010dini razotkrivanja antisemitskih mitova<\/p>\n<p>\u2022 Na\u010dini na koje se Holokaust odvijao u svom epicentru (Nema\u010dka i Poljska) kao i na periferijama (Gr\u010dka i Srbija)<\/p>\n<p>\u2022 Upotreba simboli\u010dkog jezika u borbi protiv antisemitizma<\/p>\n<p><div  class='hr av-jfkmto-447b382d00d0e63f861650943ba43bda hr-short  avia-builder-el-27  el_before_av_button  avia-builder-el-first  hr-center'><span class='hr-inner '><span class=\"hr-inner-style\"><\/span><\/span><\/div><br \/>\n<div  class='avia-button-wrap av-t0w1os-0203b52348f002b56705ec88d47f03b1-wrap avia-button-center  avia-builder-el-28  el_after_av_hr  avia-builder-el-last '><a href='https:\/\/vle.hannah-project.eu\/'  class='avia-button av-t0w1os-0203b52348f002b56705ec88d47f03b1 av-link-btn avia-icon_select-no avia-size-x-large avia-position-center avia-color-dark'  target=\"_blank\"  rel=\"noopener noreferrer\"  aria-label=\"Prijavi se!\"><span class='avia_iconbox_title' >Prijavi se!<\/span><\/a><\/div><\/p>\n<\/div><\/section><\/p><\/div>\n<\/p>\n<\/div><\/div><\/div><!-- close content main div --><\/div><\/div><div id='av_section_3'  class='avia-section av-l6ozciua-cec068d83cdae952c4114bddcedb21e0 alternate_color avia-section-default avia-no-border-styling  avia-builder-el-29  el_after_av_section  el_before_av_section  avia-bg-style-scroll container_wrap fullsize'  ><div class='container av-section-cont-open' ><div class='template-page content  av-content-full alpha units'><div class='post-entry post-entry-type-page post-entry-14284'><div class='entry-content-wrapper clearfix'>\n<div  class='flex_column av-1d95guk-d18263370e9f0c103e9ed47f4b81bf4b av_one_half  avia-builder-el-30  el_before_av_two_fifth  avia-builder-el-first  first flex_column_div  '     ><style type=\"text\/css\" data-created_by=\"avia_inline_auto\" id=\"style-css-av-l6oz836m-51cab8eca55b3c280866a012226a1ef0\">\n.avia-image-container.av-l6oz836m-51cab8eca55b3c280866a012226a1ef0 img.avia_image{\nbox-shadow:none;\n}\n.avia-image-container.av-l6oz836m-51cab8eca55b3c280866a012226a1ef0 .av-image-caption-overlay-center{\ncolor:#ffffff;\n}\n<\/style>\n<div  class='avia-image-container av-l6oz836m-51cab8eca55b3c280866a012226a1ef0 av-styling- avia-align-center  avia-builder-el-31  avia-builder-el-no-sibling '   itemprop=\"image\" itemscope=\"itemscope\" itemtype=\"https:\/\/schema.org\/ImageObject\" ><div class=\"avia-image-container-inner\"><div class=\"avia-image-overlay-wrap\"><img decoding=\"async\" fetchpriority=\"high\" class='wp-image-17684 avia-img-lazy-loading-not-17684 avia_image ' src=\"https:\/\/terraforming.org\/wp-content\/uploads\/2022\/11\/2-1030x773.jpg\" alt='' title='2'  height=\"773\" width=\"1030\"  itemprop=\"thumbnailUrl\" srcset=\"https:\/\/terraforming.org\/wp-content\/uploads\/2022\/11\/2-1030x773.jpg 1030w, https:\/\/terraforming.org\/wp-content\/uploads\/2022\/11\/2-300x225.jpg 300w, https:\/\/terraforming.org\/wp-content\/uploads\/2022\/11\/2-768x576.jpg 768w, https:\/\/terraforming.org\/wp-content\/uploads\/2022\/11\/2-1536x1152.jpg 1536w, https:\/\/terraforming.org\/wp-content\/uploads\/2022\/11\/2-2048x1536.jpg 2048w, https:\/\/terraforming.org\/wp-content\/uploads\/2022\/11\/2-1500x1125.jpg 1500w, https:\/\/terraforming.org\/wp-content\/uploads\/2022\/11\/2-705x529.jpg 705w\" sizes=\"(max-width: 1030px) 100vw, 1030px\" \/><\/div><\/div><\/div><\/div><div  class='flex_column av-wimsng-d46ed9c4a5bdbb50649680b2846003d8 av_two_fifth  avia-builder-el-32  el_after_av_one_half  avia-builder-el-last  flex_column_div  '     ><section  class='av_textblock_section av-l6oypo7v-d13315ed7bb4cdbabe3db6ef18b69531 '   itemscope=\"itemscope\" itemtype=\"https:\/\/schema.org\/CreativeWork\" ><div class='avia_textblock'  itemprop=\"text\" ><h2>Predavanja po planu HANA seminara<\/h2>\n<p>U Gimnaziji &#8222;20. oktobar&#8220; u Ba\u010dkoj Palanci <strong>29-30. oktobra<\/strong> odr\u017ean nastavnici iz okolnih mesta\u00a0pratili predavanja po planu <strong>HANA seminara<\/strong> i imali su priliku da se, izme\u0111u ostalog, upoznaju sa kulturom i istorijom jevrejske zajednice kako u Srbiji, tako i u Gr\u010dkoj, Poljskoj i Nema\u010dkoj. Pored toga, nastavnicima su predava\u010di <strong>Nevena Bajalica<\/strong> i <strong>Mi\u0161ko Stani\u0161i\u0107<\/strong> govorili i istoriji, ali i o savremenom antisemitizmu i predstavili na\u010dine za borbu protiv njega.<\/p>\n<\/div><\/section><\/div>\n\n<\/div><\/div><\/div><!-- close content main div --><\/div><\/div><div id='av_section_4'  class='avia-section av-oqe27g-4507bfd8138767dc3abe831c0a0764bd main_color avia-section-default avia-no-border-styling  avia-builder-el-34  el_after_av_section  el_before_av_section  avia-bg-style-scroll container_wrap fullsize'  ><div class='container av-section-cont-open' ><div class='template-page content  av-content-full alpha units'><div class='post-entry post-entry-type-page post-entry-14284'><div class='entry-content-wrapper clearfix'>\n<section  class='av_textblock_section av-l6ozim9l-7eb6724f35b80ff35bed3df471a5a608 '   itemscope=\"itemscope\" itemtype=\"https:\/\/schema.org\/CreativeWork\" ><div class='avia_textblock'  itemprop=\"text\" ><h2>Premijerno prikazivanje HANA dokumentarnog filma u Novom Sadu<\/h2>\n<\/div><\/section>\n<div  class='flex_column av-1wpjswc-7066f6c37474ba98c1eca9b6a3de7556 av_one_half  avia-builder-el-36  el_after_av_textblock  el_before_av_one_half  first flex_column_div  column-top-margin'     ><section  class='av_textblock_section av-l6oypasq-e66e3ed462551c8801a76d82074692f6 '   itemscope=\"itemscope\" itemtype=\"https:\/\/schema.org\/CreativeWork\" ><div class='avia_textblock'  itemprop=\"text\" ><p>HANA projekat je bio predstavljen na javnom prijemu <strong>21. avgusta u Arhivu Vojvodine u 18:00 \u010dasova<\/strong>. Me\u0111u u\u010desnicima, bilo je vi\u0161e od 35 nastavnika \u0161irom Srbije. Bili su prisutni i predstavnici lokalnih vlasti, diplomate, predstavnici jevrejske zajednice i drugi. Jedan od najzanimljivijih delova programa bila je svakako premijera epizode HANA dokumentarnog filma o istoriji i kulturi jevrejske zajednice u Novom Sadu. U\u010desnici su imali prilike da saznaju vi\u0161e i o drugim produktima HANA projekta, kao \u0161to su usmena svedo\u010danstva, Digitalni repozitorijum antisemitskih narativa i epizode dokumentarnog filma HANA o Atini, Hamburgu, Drezdenu i Krakovu.<\/p>\n<\/div><\/section><\/div><div  class='flex_column av-1h7v2jw-16c07cec3e3d6802de3c280c880d0c1d av_one_half  avia-builder-el-38  el_after_av_one_half  avia-builder-el-last  flex_column_div  column-top-margin'     ><div  class='avia-video av-l7ys93lg-451e78dceff49882afbee8d7436bdc5c avia-video-16-9 av-no-preview-image avia-video-load-always av-lazyload-immediate av-lazyload-video-embed'  itemprop=\"video\" itemtype=\"https:\/\/schema.org\/VideoObject\"  data-original_url='https:\/\/youtu.be\/I5UxiEx5a8A'><script type='text\/html' class='av-video-tmpl'><span class=\"embed-youtube\" style=\"text-align:center; display: block;\"><iframe loading=\"lazy\" class=\"youtube-player\" width=\"1500\" height=\"844\" src=\"https:\/\/www.youtube.com\/embed\/I5UxiEx5a8A?version=3&#038;rel=1&#038;showsearch=0&#038;showinfo=1&#038;iv_load_policy=1&#038;fs=1&#038;hl=sr-RS&#038;autohide=2&#038;wmode=transparent&autoplay=0&loop=0&controls=1&mute=0\" allowfullscreen=\"true\" style=\"border:0;\" sandbox=\"allow-scripts allow-same-origin allow-popups allow-presentation allow-popups-to-escape-sandbox\"><\/iframe><\/span><\/script><div class='av-click-to-play-overlay'><div class=\"avia_playpause_icon\"><\/div><\/div><\/div><\/div>\n\n<\/div><\/div><\/div><!-- close content main div --><\/div><\/div><div id='av_section_5'  class='avia-section av-mv5oy7-8ba4f2f3c6dc4471582b43e9499a522f alternate_color avia-section-default avia-no-border-styling  avia-builder-el-40  el_after_av_section  el_before_av_one_half  avia-bg-style-scroll container_wrap fullsize'  ><div class='container av-section-cont-open' ><div class='template-page content  av-content-full alpha units'><div class='post-entry post-entry-type-page post-entry-14284'><div class='entry-content-wrapper clearfix'>\n<div class='flex_column_table av-5uplnv-085485005bbfa898b24730b0db6d4126 sc-av_two_third av-equal-height-column-flextable'>\n<style type=\"text\/css\" data-created_by=\"avia_inline_auto\" id=\"style-css-av-5uplnv-085485005bbfa898b24730b0db6d4126\">\n.flex_column.av-5uplnv-085485005bbfa898b24730b0db6d4126{\nborder-radius:0px 0px 0px 0px;\npadding:0px 0px 0px 0px;\n}\n<\/style>\n<div  class='flex_column av-5uplnv-085485005bbfa898b24730b0db6d4126 av_two_third  avia-builder-el-41  el_before_av_one_third  avia-builder-el-first  first flex_column_table_cell av-equal-height-column av-align-top av-zero-column-padding  '     ><section  class='av_textblock_section av-qaty0b-a7f704b1e9e2d4c43399660ab508ade3 '   itemscope=\"itemscope\" itemtype=\"https:\/\/schema.org\/CreativeWork\" ><div class='avia_textblock'  itemprop=\"text\" ><h3>O projektu<\/h3>\n<p>Cilj HANNAH projekta je doprinos boljem razumevanju\u00a0 tradicije, istorije i kontribucije Jevreja u Evropi pre i posle Holokausta sa fokusom na lokalni kontekst Drezdena, Hamburga, Atine, Soluna, Krakova i Novog Sada. Tako\u0111e, cilj projekta je i da ponudi nove metodologije i materijale za razumevanje i u\u010denje o Holokaustu, pre svega za nastavnike, bibliotekare i arhiviste, kao i mlade. HANNAH \u0107e ove ciljeve ostvariti kroz:<\/p>\n<ul>\n<li>uzajamno u\u010denje i razmenu izme\u0111u me\u0111unarodnih partnera,<\/li>\n<li>dizajniranje, razvoj i pru\u017eanje posebno prilago\u0111enih obuka nastavnicima, bibliotekarima i arhivistima,<\/li>\n<li>implementaciju inovativnih alata kakvi sua digitalni repoztorijum antisemitskih narativa i edukativna grafi\u010dka novela, prezentacije oralne istorije, kreiranje dokumentarnog filma, konkursa za omladinske projekte, i nacionalne konferencije<\/li>\n<\/ul>\n<p>Rezultati HANNAH projekata bi\u0107e predstavljeni i u okviru zvani\u010dnog programa Novi Sad Evropska prestonica kulture 2021.<\/p>\n<\/div><\/section><\/div><div class='av-flex-placeholder'><\/div>\n<style type=\"text\/css\" data-created_by=\"avia_inline_auto\" id=\"style-css-av-15uu9m3-769e31af9181aefefc07fcff6cb02a3f\">\n.flex_column.av-15uu9m3-769e31af9181aefefc07fcff6cb02a3f{\nborder-radius:0px 0px 0px 0px;\npadding:0px 0px 0px 0px;\n}\n<\/style>\n<div  class='flex_column av-15uu9m3-769e31af9181aefefc07fcff6cb02a3f av_one_third  avia-builder-el-43  el_after_av_two_third  avia-builder-el-last  flex_column_table_cell av-equal-height-column av-align-top av-zero-column-padding  '     ><style type=\"text\/css\" data-created_by=\"avia_inline_auto\" id=\"style-css-av-k55hxgcu-04df40496ac594c507dbf5d3ecc7c955\">\n.avia-image-container.av-k55hxgcu-04df40496ac594c507dbf5d3ecc7c955 img.avia_image{\nbox-shadow:none;\n}\n.avia-image-container.av-k55hxgcu-04df40496ac594c507dbf5d3ecc7c955 .av-image-caption-overlay-center{\ncolor:#ffffff;\n}\n<\/style>\n<div  class='avia-image-container av-k55hxgcu-04df40496ac594c507dbf5d3ecc7c955 av-styling-circle avia-align-center  avia-builder-el-44  avia-builder-el-no-sibling '   itemprop=\"image\" itemscope=\"itemscope\" itemtype=\"https:\/\/schema.org\/ImageObject\" ><div class=\"avia-image-container-inner\"><div class=\"avia-image-overlay-wrap\"><img decoding=\"async\" fetchpriority=\"high\" class='wp-image-14022 avia-img-lazy-loading-not-14022 avia_image ' src=\"https:\/\/terraforming.org\/wp-content\/uploads\/2021\/05\/Hannah-logo-2-300x209.png\" alt='Hannah logo' title='Hannah logo'  height=\"209\" width=\"300\"  itemprop=\"thumbnailUrl\" srcset=\"https:\/\/terraforming.org\/wp-content\/uploads\/2021\/05\/Hannah-logo-2-300x209.png 300w, https:\/\/terraforming.org\/wp-content\/uploads\/2021\/05\/Hannah-logo-2-1030x719.png 1030w, https:\/\/terraforming.org\/wp-content\/uploads\/2021\/05\/Hannah-logo-2-768x536.png 768w, https:\/\/terraforming.org\/wp-content\/uploads\/2021\/05\/Hannah-logo-2-705x492.png 705w, https:\/\/terraforming.org\/wp-content\/uploads\/2021\/05\/Hannah-logo-2.png 1500w\" sizes=\"(max-width: 300px) 100vw, 300px\" \/><\/div><\/div><\/div><\/div><\/div><!--close column table wrapper. Autoclose: 1 -->\n<\/div><\/div><\/div><!-- close content main div --><\/div><\/div><div id='after_section_5'  class='main_color av_default_container_wrap container_wrap fullsize'  ><div class='container av-section-cont-open' ><div class='template-page content  av-content-full alpha units'><div class='post-entry post-entry-type-page post-entry-14284'><div class='entry-content-wrapper clearfix'>\n<div  class='flex_column av-17d2v64-e4918a328e2958f4678f6aae3df8d6ab av_one_half  avia-builder-el-45  el_after_av_section  el_before_av_one_half  avia-builder-el-first  first flex_column_div  '     ><style type=\"text\/css\" data-created_by=\"avia_inline_auto\" id=\"style-css-av-kxq54bya-7e15fc384dd477ee6133bb00c24d4190\">\n.avia-image-container.av-kxq54bya-7e15fc384dd477ee6133bb00c24d4190 img.avia_image{\nbox-shadow:none;\n}\n.avia-image-container.av-kxq54bya-7e15fc384dd477ee6133bb00c24d4190 .av-image-caption-overlay-center{\ncolor:#ffffff;\n}\n<\/style>\n<div  class='avia-image-container av-kxq54bya-7e15fc384dd477ee6133bb00c24d4190 av-styling- avia-align-center  avia-builder-el-46  avia-builder-el-no-sibling '   itemprop=\"image\" itemscope=\"itemscope\" itemtype=\"https:\/\/schema.org\/ImageObject\" ><div class=\"avia-image-container-inner\"><div class=\"avia-image-overlay-wrap\"><img decoding=\"async\" fetchpriority=\"high\" class='wp-image-15887 avia-img-lazy-loading-not-15887 avia_image ' src=\"https:\/\/terraforming.org\/wp-content\/uploads\/2021\/12\/IMG-1050-1030x773.jpg\" alt='Seminari' title='Seminari'  height=\"773\" width=\"1030\"  itemprop=\"thumbnailUrl\" srcset=\"https:\/\/terraforming.org\/wp-content\/uploads\/2021\/12\/IMG-1050-1030x773.jpg 1030w, https:\/\/terraforming.org\/wp-content\/uploads\/2021\/12\/IMG-1050-300x225.jpg 300w, https:\/\/terraforming.org\/wp-content\/uploads\/2021\/12\/IMG-1050-768x576.jpg 768w, https:\/\/terraforming.org\/wp-content\/uploads\/2021\/12\/IMG-1050-1536x1152.jpg 1536w, https:\/\/terraforming.org\/wp-content\/uploads\/2021\/12\/IMG-1050-2048x1536.jpg 2048w, https:\/\/terraforming.org\/wp-content\/uploads\/2021\/12\/IMG-1050-1500x1125.jpg 1500w, https:\/\/terraforming.org\/wp-content\/uploads\/2021\/12\/IMG-1050-705x529.jpg 705w\" sizes=\"(max-width: 1030px) 100vw, 1030px\" \/><\/div><\/div><\/div><\/div>\n<div  class='flex_column av-1qz0j58-091a8d87b1602cfd44f3e941d7140425 av_one_half  avia-builder-el-47  el_after_av_one_half  el_before_av_section  avia-builder-el-last  flex_column_div  '     ><p>\n<style type=\"text\/css\" data-created_by=\"avia_inline_auto\" id=\"style-css-av-kxq1e7vn-a4c669e49176c7cad60fe0cf313ce0b6\">\n.avia-image-container.av-kxq1e7vn-a4c669e49176c7cad60fe0cf313ce0b6 img.avia_image{\nbox-shadow:none;\n}\n.avia-image-container.av-kxq1e7vn-a4c669e49176c7cad60fe0cf313ce0b6 .av-image-caption-overlay-center{\ncolor:#ffffff;\n}\n<\/style>\n<div  class='avia-image-container av-kxq1e7vn-a4c669e49176c7cad60fe0cf313ce0b6 av-styling- avia-align-center  avia-builder-el-48  el_before_av_hr  avia-builder-el-first '   itemprop=\"image\" itemscope=\"itemscope\" itemtype=\"https:\/\/schema.org\/ImageObject\" ><div class=\"avia-image-container-inner\"><div class=\"avia-image-overlay-wrap\"><img decoding=\"async\" fetchpriority=\"high\" class='wp-image-15860 avia-img-lazy-loading-not-15860 avia_image ' src=\"https:\/\/terraforming.org\/wp-content\/uploads\/2021\/12\/242908093_236407968534961_5511474238373296883_n.jpg\" alt='' title='Me\u0111unarodni sastanak u Krakovu'  height=\"508\" width=\"720\"  itemprop=\"thumbnailUrl\" srcset=\"https:\/\/terraforming.org\/wp-content\/uploads\/2021\/12\/242908093_236407968534961_5511474238373296883_n.jpg 720w, https:\/\/terraforming.org\/wp-content\/uploads\/2021\/12\/242908093_236407968534961_5511474238373296883_n-300x212.jpg 300w, https:\/\/terraforming.org\/wp-content\/uploads\/2021\/12\/242908093_236407968534961_5511474238373296883_n-705x497.jpg 705w\" sizes=\"(max-width: 720px) 100vw, 720px\" \/><\/div><\/div><\/div><br \/>\n\n<style type=\"text\/css\" data-created_by=\"avia_inline_auto\" id=\"style-css-av-kxq5e0pb-982ad0c99c21c6395ae0e3a0a6251501\">\n#top .hr.hr-invisible.av-kxq5e0pb-982ad0c99c21c6395ae0e3a0a6251501{\nheight:20px;\n}\n<\/style>\n<div  class='hr av-kxq5e0pb-982ad0c99c21c6395ae0e3a0a6251501 hr-invisible  avia-builder-el-49  el_after_av_image  el_before_av_textblock '><span class='hr-inner '><span class=\"hr-inner-style\"><\/span><\/span><\/div><br \/>\n\n<style type=\"text\/css\" data-created_by=\"avia_inline_auto\" id=\"style-css-av-kxq1hj20-877e8950833723a58474ccf03ba76bde\">\n#top .av_textblock_section.av-kxq1hj20-877e8950833723a58474ccf03ba76bde .avia_textblock{\nfont-size:14px;\n}\n<\/style>\n<section  class='av_textblock_section av-kxq1hj20-877e8950833723a58474ccf03ba76bde '   itemscope=\"itemscope\" itemtype=\"https:\/\/schema.org\/CreativeWork\" ><div class='avia_textblock'  itemprop=\"text\" ><p style=\"text-align: center;\"><em>Me\u0111unarodni sastanak u Krakovu<\/em><\/p>\n<\/div><\/section><\/p><\/div>\n<\/div><\/div><\/div><!-- close content main div --><\/div><\/div><div id='av_section_6'  class='avia-section av-1lxubrg-29f975a1bf490cd119d2e193721d9149 alternate_color avia-section-default avia-no-border-styling  avia-builder-el-51  el_after_av_one_half  el_before_av_one_fifth  avia-bg-style-scroll container_wrap fullsize'  ><div class='container av-section-cont-open' ><div class='template-page content  av-content-full alpha units'><div class='post-entry post-entry-type-page post-entry-14284'><div class='entry-content-wrapper clearfix'>\n<div  class='flex_column av-ud20j0-5020c886140b434fcc08213d777e04b9 av_one_half  avia-builder-el-52  el_before_av_one_half  avia-builder-el-first  first flex_column_div  '     ><p><article  class='iconbox iconbox_top av-kxq2ek5j-9e06b785b81458d012f00ae722740f20  avia-builder-el-53  el_before_av_textblock  avia-builder-el-first  main_color'  itemscope=\"itemscope\" itemtype=\"https:\/\/schema.org\/CreativeWork\" ><div class=\"iconbox_content\"><header class=\"entry-content-header\" aria-label=\"Icon: HANNAH seminar\"><div class='iconbox_icon heading-color avia-iconfont avia-font-flaticon' data-av_icon='\uf11e' data-av_iconfont='flaticon'  ><\/div><h3 class='iconbox_content_title '  itemprop=\"headline\" >HANNAH seminar<\/h3><\/header><div class='iconbox_content_container '  itemprop=\"text\" ><\/div><\/div><footer class=\"entry-footer\"><\/footer><\/article><br \/>\n<section  class='av_textblock_section av-kxq49e5x-64f7bb8a488e7f41f0f3af61667dfac8 '   itemscope=\"itemscope\" itemtype=\"https:\/\/schema.org\/CreativeWork\" ><div class='avia_textblock'  itemprop=\"text\" ><p>Na\u0161i seminari se sastoje od ovog programa:<\/p>\n<\/div><\/section><br \/>\n<div  class='avia-icon-list-container av-kxq4wklc-eb01955b5fa2b5b5f93e153a15669e39  avia-builder-el-55  el_after_av_textblock  avia-builder-el-last '><ul class='avia-icon-list avia_animate_when_almost_visible avia-icon-list-left av-iconlist-big av-kxq4wklc-eb01955b5fa2b5b5f93e153a15669e39 avia-iconlist-animate'>\n<li><div class='iconlist_icon av-4baovpo-dafa970240f34923f967fe7edffa7c9e avia-font-fontello avia-iconfont avia-font-fontello'><span class='av-icon-char' data-av_icon='\ue854' data-av_iconfont='fontello' aria-hidden=\"true\"><\/span><\/div><article class=\"article-icon-entry \"  itemscope=\"itemscope\" itemtype=\"https:\/\/schema.org\/CreativeWork\" ><div class=\"iconlist_content_wrap\"><header class=\"entry-content-header\" aria-label=\"Icon: Sesija 1 - Jevrejske zajednice u Evropi\"><h4 class='av_iconlist_title iconlist_title  '  itemprop=\"headline\" >Sesija 1 - Jevrejske zajednice u Evropi<\/h4><\/header><div class='iconlist_content '  itemprop=\"text\" ><h4><\/h4>\n\n<style type=\"text\/css\" data-created_by=\"avia_inline_auto\" id=\"style-css-av-406s0oc-c002b4fc59b8a0292ffe802522e9973d\">\n#top .hr.hr-invisible.av-406s0oc-c002b4fc59b8a0292ffe802522e9973d{\nheight:20px;\n}\n<\/style>\n<div  class='hr av-406s0oc-c002b4fc59b8a0292ffe802522e9973d hr-invisible  avia-builder-el-56  el_before_av_hr  avia-builder-el-first '><span class='hr-inner '><span class=\"hr-inner-style\"><\/span><\/span><\/div>\n<h4>Modul 1<\/h4>\n<p><strong>Jevrejske zajednice u Evropi<\/strong><\/p>\n<ul>\n<li><em>1. deo:<\/em> Jevrejske zajednice u Evropi<br \/>\nJevreji u Nema\u010dkoj<br \/>\nJevreji u Poljskoj<br \/>\nJevreji u Gr\u010dkoj<br \/>\nSastanak: povratne informacije od publike<\/li>\n<li><em>2. deo:<\/em> Istorija i tradicija jevrejskih zajednica u Srbiji<br \/>\nDiskusija sa publikom i evaluacija<\/li>\n<\/ul>\n\n<style type=\"text\/css\" data-created_by=\"avia_inline_auto\" id=\"style-css-av-3j7i9vw-dc77c333e7814a15badda1f210b356d0\">\n#top .hr.hr-invisible.av-3j7i9vw-dc77c333e7814a15badda1f210b356d0{\nheight:20px;\n}\n<\/style>\n<div  class='hr av-3j7i9vw-dc77c333e7814a15badda1f210b356d0 hr-invisible  avia-builder-el-57  el_after_av_hr  el_before_av_hr '><span class='hr-inner '><span class=\"hr-inner-style\"><\/span><\/span><\/div>\n<h4>Modul 2<\/h4>\n<p><strong>Upotreba usmenih svedo\u010danstava u edukaciji o antisemitizmu i Holokaustu (\u0160oi) u Evropi<\/strong><\/p>\n<p><strong> Radionica<\/strong><\/p>\n<\/div><\/div><footer class=\"entry-footer\"><\/footer><\/article><div class=\"iconlist-timeline\"><\/div><\/li>\n<li><div class='iconlist_icon av-34iecks-eabf29381fb9b515673fe2bce2236a45 avia-font-flaticon avia-iconfont avia-font-flaticon'><span class='av-icon-char' data-av_icon='\uf11d' data-av_iconfont='flaticon' aria-hidden=\"true\"><\/span><\/div><article class=\"article-icon-entry \"  itemscope=\"itemscope\" itemtype=\"https:\/\/schema.org\/CreativeWork\" ><div class=\"iconlist_content_wrap\"><header class=\"entry-content-header\" aria-label=\"Icon: Sesija 2 - Razumevanje modernog evropskog antisemitizma\"><h4 class='av_iconlist_title iconlist_title  '  itemprop=\"headline\" >Sesija 2 - Razumevanje modernog evropskog antisemitizma<\/h4><\/header><div class='iconlist_content '  itemprop=\"text\" ><h4><\/h4>\n\n<style type=\"text\/css\" data-created_by=\"avia_inline_auto\" id=\"style-css-av-2i5xfzg-de3de95fc03ce56ab80e09e1b8c37409\">\n#top .hr.hr-invisible.av-2i5xfzg-de3de95fc03ce56ab80e09e1b8c37409{\nheight:20px;\n}\n<\/style>\n<div  class='hr av-2i5xfzg-de3de95fc03ce56ab80e09e1b8c37409 hr-invisible  avia-builder-el-58  el_after_av_hr  el_before_av_hr '><span class='hr-inner '><span class=\"hr-inner-style\"><\/span><\/span><\/div>\n<h4>Modul 3<\/h4>\n<ul>\n<li><em>1. deo:<\/em> Moderni i savremeni antisemitizam<\/li>\n<li><em>2. deo:<\/em> Antisemitizam u Srbiji<br \/>\nDiskusija sa publikom i evaluacija<\/li>\n<\/ul>\n\n<style type=\"text\/css\" data-created_by=\"avia_inline_auto\" id=\"style-css-av-1y0ch1o-be5c8385372c059d3eb18cedcb040262\">\n#top .hr.hr-invisible.av-1y0ch1o-be5c8385372c059d3eb18cedcb040262{\nheight:20px;\n}\n<\/style>\n<div  class='hr av-1y0ch1o-be5c8385372c059d3eb18cedcb040262 hr-invisible  avia-builder-el-59  el_after_av_hr  el_before_av_hr '><span class='hr-inner '><span class=\"hr-inner-style\"><\/span><\/span><\/div>\n<h4>Modul 4<\/h4>\n<p><strong>Antisemitizam: Lekcije za danas<\/strong><\/p>\n<p><strong>Radionica<\/strong><\/p>\n<\/div><\/div><footer class=\"entry-footer\"><\/footer><\/article><div class=\"iconlist-timeline\"><\/div><\/li>\n<li><div class='iconlist_icon av-1t0pzu4-928c13848f5fdbda2ff6f37b333b7363 avia-font-flaticon avia-iconfont avia-font-flaticon'><span class='av-icon-char' data-av_icon='\uf111' data-av_iconfont='flaticon' aria-hidden=\"true\"><\/span><\/div><article class=\"article-icon-entry \"  itemscope=\"itemscope\" itemtype=\"https:\/\/schema.org\/CreativeWork\" ><div class=\"iconlist_content_wrap\"><header class=\"entry-content-header\" aria-label=\"Icon: Sesija 3 - Pristup Holokaustu (\u0160oi)\"><h4 class='av_iconlist_title iconlist_title  '  itemprop=\"headline\" >Sesija 3 - Pristup Holokaustu (\u0160oi)<\/h4><\/header><div class='iconlist_content '  itemprop=\"text\" ><h4><\/h4>\n\n<style type=\"text\/css\" data-created_by=\"avia_inline_auto\" id=\"style-css-av-151fgoc-d0b0b4a50057dee5c275511ff02adfdd\">\n#top .hr.hr-invisible.av-151fgoc-d0b0b4a50057dee5c275511ff02adfdd{\nheight:20px;\n}\n<\/style>\n<div  class='hr av-151fgoc-d0b0b4a50057dee5c275511ff02adfdd hr-invisible  avia-builder-el-60  el_after_av_hr  el_before_av_hr '><span class='hr-inner '><span class=\"hr-inner-style\"><\/span><\/span><\/div>\n<h4>Modul 5<\/h4>\n<p><strong>Jevreji u Hitlerovom carstvu<\/strong><\/p>\n<ul>\n<li><em>1. deo:<\/em> Evropski gradovi tokom Holokausta (\u0160oe)<\/li>\n<li><em>2. deo:<\/em> Jevreji u Srbiji tokom Holokausta<br \/>\nDiskusija sa publikom<\/li>\n<\/ul>\n\n<style type=\"text\/css\" data-created_by=\"avia_inline_auto\" id=\"style-css-av-s6ad70-56a2337425e2539b542de4fad299b570\">\n#top .hr.hr-invisible.av-s6ad70-56a2337425e2539b542de4fad299b570{\nheight:20px;\n}\n<\/style>\n<div  class='hr av-s6ad70-56a2337425e2539b542de4fad299b570 hr-invisible  avia-builder-el-61  el_after_av_hr  avia-builder-el-last '><span class='hr-inner '><span class=\"hr-inner-style\"><\/span><\/span><\/div>\n<h4>Modul 6<\/h4>\n<p><strong>Podu\u010davanje o antisemitizmu kroz umetni\u010dku radionicu<\/strong><\/p>\n<p>Evaluacija<\/p>\n<p>Zavr\u0161ne re\u010di<\/p>\n<\/div><\/div><footer class=\"entry-footer\"><\/footer><\/article><div class=\"iconlist-timeline\"><\/div><\/li>\n<\/ul><\/div><\/p><\/div><div  class='flex_column av-zdkn58-d62372951bb3767cd3118edb23a09343 av_one_half  avia-builder-el-62  el_after_av_one_half  avia-builder-el-last  flex_column_div  '     ><p><article  class='iconbox iconbox_top av-kxq0ir1a-6fbd64b2c837d8665dc1886345bf8afb  avia-builder-el-63  el_before_av_textblock  avia-builder-el-first  main_color'  itemscope=\"itemscope\" itemtype=\"https:\/\/schema.org\/CreativeWork\" ><div class=\"iconbox_content\"><header class=\"entry-content-header\" aria-label=\"Icon: Aktivnosti\"><div class='iconbox_icon heading-color avia-iconfont avia-font-entypo-fontello' data-av_icon='\ue809' data-av_iconfont='entypo-fontello'  ><\/div><h3 class='iconbox_content_title '  itemprop=\"headline\" >Aktivnosti<\/h3><\/header><div class='iconbox_content_container '  itemprop=\"text\" ><\/div><\/div><footer class=\"entry-footer\"><\/footer><\/article><br \/>\n<section  class='av_textblock_section av-kxq196oi-58db01b4ff445ce5ce5f214c0cf47937 '   itemscope=\"itemscope\" itemtype=\"https:\/\/schema.org\/CreativeWork\" ><div class='avia_textblock'  itemprop=\"text\" ><p>\n<style type=\"text\/css\" data-created_by=\"avia_inline_auto\" id=\"style-css-av-3gw3g18-f7de4b8450947ec3e44905e84bce5031\">\n.av_font_icon.av-3gw3g18-f7de4b8450947ec3e44905e84bce5031 .av-icon-char{\nfont-size:20px;\nline-height:20px;\n}\n<\/style>\n<span  class='av_font_icon av-3gw3g18-f7de4b8450947ec3e44905e84bce5031 avia_animate_when_visible av-icon-style- avia-icon-pos-left avia-iconfont avia-font-fontello av-no-color avia-icon-animate'><span class='av-icon-char' data-av_icon='\ue819' data-av_iconfont='fontello' aria-hidden=\"true\" ><\/span><\/span><strong>Mese\u010dni sastanci<\/strong><\/p>\n<p><strong>\n<style type=\"text\/css\" data-created_by=\"avia_inline_auto\" id=\"style-css-av-b1d05o-1b3cb63686b76e128c13299d25d2eee6\">\n.av_font_icon.av-b1d05o-1b3cb63686b76e128c13299d25d2eee6 .av-icon-char{\nfont-size:20px;\nline-height:20px;\n}\n<\/style>\n<span  class='av_font_icon av-b1d05o-1b3cb63686b76e128c13299d25d2eee6 avia_animate_when_visible av-icon-style- avia-icon-pos-left avia-iconfont avia-font-fontello av-no-color avia-icon-animate'><span class='av-icon-char' data-av_icon='\ue819' data-av_iconfont='fontello' aria-hidden=\"true\" ><\/span><\/span>Sastanak konzorcijuma partnera<\/strong><\/p>\n<ul>\n<li>Krakov &#8211; septembar 2021.<\/li>\n<li>Hamburg &#8211; mart 2022.<\/li>\n<li>Novi Sad &#8211; jun 2022.<\/li>\n<\/ul>\n<p><strong>\n<style type=\"text\/css\" data-created_by=\"avia_inline_auto\" id=\"style-css-av-2kfwtzg-5aecb678abc5d45bda9cf3accf0d0136\">\n.av_font_icon.av-2kfwtzg-5aecb678abc5d45bda9cf3accf0d0136 .av-icon-char{\nfont-size:20px;\nline-height:20px;\n}\n<\/style>\n<span  class='av_font_icon av-2kfwtzg-5aecb678abc5d45bda9cf3accf0d0136 avia_animate_when_visible av-icon-style- avia-icon-pos-left avia-iconfont avia-font-fontello av-no-color avia-icon-animate'><span class='av-icon-char' data-av_icon='\ue819' data-av_iconfont='fontello' aria-hidden=\"true\" ><\/span><\/span>Prikupljanje usmenih svedo\u010danstava<\/strong><\/p>\n<p><strong>\n<style type=\"text\/css\" data-created_by=\"avia_inline_auto\" id=\"style-css-av-28wxpcc-801e92d806e0d23b8a83b91e4cd16333\">\n.av_font_icon.av-28wxpcc-801e92d806e0d23b8a83b91e4cd16333 .av-icon-char{\nfont-size:20px;\nline-height:20px;\n}\n<\/style>\n<span  class='av_font_icon av-28wxpcc-801e92d806e0d23b8a83b91e4cd16333 avia_animate_when_visible av-icon-style- avia-icon-pos-left avia-iconfont avia-font-fontello av-no-color avia-icon-animate'><span class='av-icon-char' data-av_icon='\ue819' data-av_iconfont='fontello' aria-hidden=\"true\" ><\/span><\/span>Kreiranje nastavnih materijala za:<\/strong><\/p>\n<ul>\n<li>Onlajn kurseve<\/li>\n<li>Seminare za nastavnike<\/li>\n<\/ul>\n<p><strong>\n<style type=\"text\/css\" data-created_by=\"avia_inline_auto\" id=\"style-css-av-1gomrpo-ab9dec78bd2316d09cc7379d1688b739\">\n.av_font_icon.av-1gomrpo-ab9dec78bd2316d09cc7379d1688b739 .av-icon-char{\nfont-size:20px;\nline-height:20px;\n}\n<\/style>\n<span  class='av_font_icon av-1gomrpo-ab9dec78bd2316d09cc7379d1688b739 avia_animate_when_visible av-icon-style- avia-icon-pos-left avia-iconfont avia-font-fontello av-no-color avia-icon-animate'><span class='av-icon-char' data-av_icon='\ue819' data-av_iconfont='fontello' aria-hidden=\"true\" ><\/span><\/span>Kreiranje uputstava za kori\u0161\u0107enje edukativnih grafi\u010dkih novela<\/strong><\/p>\n<p><strong>\n<style type=\"text\/css\" data-created_by=\"avia_inline_auto\" id=\"style-css-av-1btw1nw-96d07b231d50c8c91f3a180d3b55a87d\">\n.av_font_icon.av-1btw1nw-96d07b231d50c8c91f3a180d3b55a87d .av-icon-char{\nfont-size:20px;\nline-height:20px;\n}\n<\/style>\n<span  class='av_font_icon av-1btw1nw-96d07b231d50c8c91f3a180d3b55a87d avia_animate_when_visible av-icon-style- avia-icon-pos-left avia-iconfont avia-font-fontello av-no-color avia-icon-animate'><span class='av-icon-char' data-av_icon='\ue819' data-av_iconfont='fontello' aria-hidden=\"true\" ><\/span><\/span>Kreiranje repozitorijuma antisemitskih narativa<\/strong><\/p>\n<p><strong>\n<style type=\"text\/css\" data-created_by=\"avia_inline_auto\" id=\"style-css-av-pim0a4-bf50708ad4bb38ca69ae6e14bce551a9\">\n.av_font_icon.av-pim0a4-bf50708ad4bb38ca69ae6e14bce551a9 .av-icon-char{\nfont-size:20px;\nline-height:20px;\n}\n<\/style>\n<span  class='av_font_icon av-pim0a4-bf50708ad4bb38ca69ae6e14bce551a9 avia_animate_when_visible av-icon-style- avia-icon-pos-left avia-iconfont avia-font-fontello av-no-color avia-icon-animate'><span class='av-icon-char' data-av_icon='\ue819' data-av_iconfont='fontello' aria-hidden=\"true\" ><\/span><\/span>Seminari za nastavnike, arhiviste, muzejske radnike i bibliotekare<\/strong><\/p>\n<\/div><\/section><br \/>\n<div  class='hr av-vvrr0s-7ff420b31fb21e93fb1bf5e7ec3f3fa3 hr-default  avia-builder-el-72  el_after_av_textblock  el_before_av_icon_box '><span class='hr-inner '><span class=\"hr-inner-style\"><\/span><\/span><\/div><br \/>\n<article  class='iconbox iconbox_top av-kxq2x9t2-a3520e51afd56e783676ccdb2820990b  avia-builder-el-73  el_after_av_hr  el_before_av_textblock  main_color'  itemscope=\"itemscope\" itemtype=\"https:\/\/schema.org\/CreativeWork\" ><div class=\"iconbox_content\"><header class=\"entry-content-header\" aria-label=\"Icon: Bilteni\"><div class='iconbox_icon heading-color avia-iconfont avia-font-entypo-fontello' data-av_icon='\ue805' data-av_iconfont='entypo-fontello'  ><\/div><h3 class='iconbox_content_title '  itemprop=\"headline\" >Bilteni<\/h3><\/header><div class='iconbox_content_container '  itemprop=\"text\" ><\/div><\/div><footer class=\"entry-footer\"><\/footer><\/article><br \/>\n<section  class='av_textblock_section av-kxq2y7q6-6f7ada89992a49f88f6680d6517b4be3 '   itemscope=\"itemscope\" itemtype=\"https:\/\/schema.org\/CreativeWork\" ><div class='avia_textblock'  itemprop=\"text\" ><p style=\"text-align: left;\"><a href=\"http:\/\/terraforming.org\/wp-content\/uploads\/2021\/09\/newsletter-serbian.pdf\" target=\"_blank\" rel=\"noopener noreferrer nofollow\"><em>Bilten 1 &#8211; Jul 2021<\/em><\/a><br \/>\n<em><a href=\"http:\/\/terraforming.org\/wp-content\/uploads\/2021\/12\/HANNAH_Newsletter_2_SERBIAN.pdf\" target=\"_blank\" rel=\"noopener noreferrer nofollow\">Bilten 2 &#8211; Decembar 2021<\/a><br \/>\n<a href=\"https:\/\/hannah-project.eu\/wp-content\/themes\/pdfs\/newsletter3\/HANNAH_N3_SR.pdf\" target=\"_blank\" rel=\"noopener noreferrer nofollow\">Bilten 3 &#8211; Jun 2022<\/a><br \/>\n<a href=\"http:\/\/terraforming.org\/wp-content\/uploads\/2022\/12\/HANNAH-4th-newsletter-Serbian.pdf\" target=\"_blank\" rel=\"noopener noreferrer nofollow\">Bilten 4 &#8211; Novembar 2022<\/a><\/em><\/p>\n<\/div><\/section><br \/>\n\n<style type=\"text\/css\" data-created_by=\"avia_inline_auto\" id=\"style-css-av-vac58s-1214415f5459568c4709c915f002e1fe\">\n#top .hr.hr-invisible.av-vac58s-1214415f5459568c4709c915f002e1fe{\nheight:20px;\n}\n<\/style>\n<div  class='hr av-vac58s-1214415f5459568c4709c915f002e1fe hr-invisible  avia-builder-el-75  el_after_av_textblock  el_before_av_button '><span class='hr-inner '><span class=\"hr-inner-style\"><\/span><\/span><\/div><br \/>\n<div  class='avia-button-wrap av-l02biims-de71ee9d7e3cd12ab98bf6049f8a248c-wrap avia-button-center  avia-builder-el-76  el_after_av_hr  avia-builder-el-last '><a href='https:\/\/hannah-project.eu\/sr\/'  class='avia-button av-l02biims-de71ee9d7e3cd12ab98bf6049f8a248c av-link-btn avia-icon_select-yes-left-icon avia-size-x-large avia-position-center avia-color-dark'  target=\"_blank\"  rel=\"noopener noreferrer\"  aria-label=\"Stranica projekta\"><span class='avia_button_icon avia_button_icon_left avia-iconfont avia-font-entypo-fontello' data-av_icon='\ue822' data-av_iconfont='entypo-fontello' ><\/span><span class='avia_iconbox_title' >Stranica projekta<\/span><\/a><\/div><\/p><\/div>\n<\/div><\/div><\/div><!-- close content main div --><\/div><\/div><div id='after_section_6'  class='main_color av_default_container_wrap container_wrap fullsize'  ><div class='container av-section-cont-open' ><div class='template-page content  av-content-full alpha units'><div class='post-entry post-entry-type-page post-entry-14284'><div class='entry-content-wrapper clearfix'>\n\n<style type=\"text\/css\" data-created_by=\"avia_inline_auto\" id=\"style-css-av-7lwsf-62e6269460eee0268ea80223d38e68ff\">\n.flex_column.av-7lwsf-62e6269460eee0268ea80223d38e68ff{\nborder-radius:0px 0px 0px 0px;\npadding:0px 0px 0px 0px;\n}\n<\/style>\n<div  class='flex_column av-7lwsf-62e6269460eee0268ea80223d38e68ff av_one_fifth  avia-builder-el-77  el_after_av_section  el_before_av_two_fifth  avia-builder-el-first  first flex_column_div av-zero-column-padding  '     ><style type=\"text\/css\" data-created_by=\"avia_inline_auto\" id=\"style-css-av-k6qe03x9-6427e1f21801592a8615ff39007ce758\">\n.avia-image-container.av-k6qe03x9-6427e1f21801592a8615ff39007ce758 img.avia_image{\nbox-shadow:none;\n}\n.avia-image-container.av-k6qe03x9-6427e1f21801592a8615ff39007ce758 .av-image-caption-overlay-center{\ncolor:#ffffff;\n}\n<\/style>\n<div  class='avia-image-container av-k6qe03x9-6427e1f21801592a8615ff39007ce758 av-styling- avia-align-center  avia-builder-el-78  avia-builder-el-no-sibling '   itemprop=\"image\" itemscope=\"itemscope\" itemtype=\"https:\/\/schema.org\/ImageObject\" ><div class=\"avia-image-container-inner\"><div class=\"avia-image-overlay-wrap\"><img decoding=\"async\" fetchpriority=\"high\" class='wp-image-14289 avia-img-lazy-loading-not-14289 avia_image ' src=\"https:\/\/terraforming.org\/wp-content\/uploads\/2021\/06\/LOGO-Jugend-Kultur-2-300x298.png\" alt='' title='LOGO Jugend Kultur Projekt'  height=\"298\" width=\"300\"  itemprop=\"thumbnailUrl\" srcset=\"https:\/\/terraforming.org\/wp-content\/uploads\/2021\/06\/LOGO-Jugend-Kultur-2-300x298.png 300w, https:\/\/terraforming.org\/wp-content\/uploads\/2021\/06\/LOGO-Jugend-Kultur-2-80x80.png 80w, https:\/\/terraforming.org\/wp-content\/uploads\/2021\/06\/LOGO-Jugend-Kultur-2-36x36.png 36w, https:\/\/terraforming.org\/wp-content\/uploads\/2021\/06\/LOGO-Jugend-Kultur-2-180x180.png 180w, https:\/\/terraforming.org\/wp-content\/uploads\/2021\/06\/LOGO-Jugend-Kultur-2.png 659w\" sizes=\"(max-width: 300px) 100vw, 300px\" \/><\/div><\/div><\/div><\/div>\n\n<style type=\"text\/css\" data-created_by=\"avia_inline_auto\" id=\"style-css-av-7lwsf-1-33339d31c40cd7061d1da9413e586601\">\n.flex_column.av-7lwsf-1-33339d31c40cd7061d1da9413e586601{\nborder-radius:0px 0px 0px 0px;\npadding:0px 0px 0px 0px;\n}\n<\/style>\n<div  class='flex_column av-7lwsf-1-33339d31c40cd7061d1da9413e586601 av_two_fifth  avia-builder-el-79  el_after_av_one_fifth  el_before_av_two_fifth  flex_column_div av-zero-column-padding  '     ><section  class='av_textblock_section av-k55gbc9l-1523d04b6e44357f638dd62465010218 '   itemscope=\"itemscope\" itemtype=\"https:\/\/schema.org\/CreativeWork\" ><div class='avia_textblock'  itemprop=\"text\" ><h4>JKP je glavni partner u projektu<\/h4>\n<p>Organizacija \u201dOmladinski kulturni projekat &#8211; JKP\u201d je osnovana 2004. godine u Drezdenu u Nema\u010dkoj. Organizaciju \u010dine timovi politikologa, sociologa, istori\u010dara, socijalnih radnika, umetnika, dizajnera i filmskih stvaraoca.<\/p>\n<p>Glavni cilj organizacije je promovisanje razli\u010ditosti i inkluzije, negovanje aktivnog u\u010de\u0161\u0107a, gra\u0111anskog anga\u017eovanja i socijalnih inovacija. Da bi postigli svoj cilj JKP dizajnira i sprovodi obrazovne, kreativne i kulturne aktivnosti koje podsti\u010du me\u0111usektorsku i interdisciplinarnu saradnju.<\/p>\n<\/div><\/section><\/div>\n\n<style type=\"text\/css\" data-created_by=\"avia_inline_auto\" id=\"style-css-av-w9l098-76c9a110c5cadf009fa3c62074f91091\">\n.flex_column.av-w9l098-76c9a110c5cadf009fa3c62074f91091{\nborder-radius:0px 0px 0px 0px;\npadding:0px 0px 0px 0px;\n}\n<\/style>\n<div  class='flex_column av-w9l098-76c9a110c5cadf009fa3c62074f91091 av_two_fifth  avia-builder-el-81  el_after_av_two_fifth  el_before_av_hr  flex_column_div av-zero-column-padding  '     ><p>\n<style type=\"text\/css\" data-created_by=\"avia_inline_auto\" id=\"style-css-av-l0ggxm4a-a7f0cbd36bc6c10d14fcd4832197dbde\">\n.avia-image-container.av-l0ggxm4a-a7f0cbd36bc6c10d14fcd4832197dbde img.avia_image{\nbox-shadow:none;\n}\n.avia-image-container.av-l0ggxm4a-a7f0cbd36bc6c10d14fcd4832197dbde .av-image-caption-overlay-center{\ncolor:#ffffff;\n}\n<\/style>\n<div  class='avia-image-container av-l0ggxm4a-a7f0cbd36bc6c10d14fcd4832197dbde av-styling- avia-align-center  avia-builder-el-82  el_before_av_image  avia-builder-el-first '   itemprop=\"image\" itemscope=\"itemscope\" itemtype=\"https:\/\/schema.org\/ImageObject\" ><div class=\"avia-image-container-inner\"><div class=\"avia-image-overlay-wrap\"><img decoding=\"async\" fetchpriority=\"high\" class='wp-image-16191 avia-img-lazy-loading-not-16191 avia_image ' src=\"https:\/\/terraforming.org\/wp-content\/uploads\/2022\/03\/preuzimanje.png\" alt='' title='Prava, jednakost i dr\u017eavljanstvo'  height=\"120\" width=\"400\"  itemprop=\"thumbnailUrl\" srcset=\"https:\/\/terraforming.org\/wp-content\/uploads\/2022\/03\/preuzimanje.png 400w, https:\/\/terraforming.org\/wp-content\/uploads\/2022\/03\/preuzimanje-300x90.png 300w\" sizes=\"(max-width: 400px) 100vw, 400px\" \/><\/div><\/div><\/div><br \/>\n\n<style type=\"text\/css\" data-created_by=\"avia_inline_auto\" id=\"style-css-av-l0ggwrbh-6420c54af4afef8babc54dd1d977237b\">\n.avia-image-container.av-l0ggwrbh-6420c54af4afef8babc54dd1d977237b img.avia_image{\nbox-shadow:none;\n}\n.avia-image-container.av-l0ggwrbh-6420c54af4afef8babc54dd1d977237b .av-image-caption-overlay-center{\ncolor:#ffffff;\n}\n<\/style>\n<div  class='avia-image-container av-l0ggwrbh-6420c54af4afef8babc54dd1d977237b av-styling- avia-align-center  avia-builder-el-83  el_after_av_image  avia-builder-el-last '   itemprop=\"image\" itemscope=\"itemscope\" itemtype=\"https:\/\/schema.org\/ImageObject\" ><div class=\"avia-image-container-inner\"><div class=\"avia-image-overlay-wrap\"><img decoding=\"async\" fetchpriority=\"high\" class='wp-image-16189 avia-img-lazy-loading-not-16189 avia_image ' src=\"https:\/\/terraforming.org\/wp-content\/uploads\/2022\/03\/Logotipi-Pokrajina-i-Ministarstvo-300x188.png\" alt='' title='Logotipi Pokrajina i Ministarstvo'  height=\"188\" width=\"300\"  itemprop=\"thumbnailUrl\" srcset=\"https:\/\/terraforming.org\/wp-content\/uploads\/2022\/03\/Logotipi-Pokrajina-i-Ministarstvo-300x188.png 300w, https:\/\/terraforming.org\/wp-content\/uploads\/2022\/03\/Logotipi-Pokrajina-i-Ministarstvo-768x480.png 768w, https:\/\/terraforming.org\/wp-content\/uploads\/2022\/03\/Logotipi-Pokrajina-i-Ministarstvo-705x441.png 705w, https:\/\/terraforming.org\/wp-content\/uploads\/2022\/03\/Logotipi-Pokrajina-i-Ministarstvo.png 1024w\" sizes=\"(max-width: 300px) 100vw, 300px\" \/><\/div><\/div><\/div><\/p><\/div>\n\n<style type=\"text\/css\" data-created_by=\"avia_inline_auto\" id=\"style-css-av-l0ggta2q-81c3bf93685b056b93668cbc8ea863f0\">\n#top .hr.hr-invisible.av-l0ggta2q-81c3bf93685b056b93668cbc8ea863f0{\nheight:30px;\n}\n<\/style>\n<div  class='hr av-l0ggta2q-81c3bf93685b056b93668cbc8ea863f0 hr-invisible  avia-builder-el-84  el_after_av_two_fifth  el_before_av_textblock '><span class='hr-inner '><span class=\"hr-inner-style\"><\/span><\/span><\/div>\n\n<style type=\"text\/css\" data-created_by=\"avia_inline_auto\" id=\"style-css-av-93l024-8b6c5a568f27d0f307ed14aa91196918\">\n#top .av_textblock_section.av-93l024-8b6c5a568f27d0f307ed14aa91196918 .avia_textblock{\nfont-size:15px;\n}\n<\/style>\n<section  class='av_textblock_section av-93l024-8b6c5a568f27d0f307ed14aa91196918 '   itemscope=\"itemscope\" itemtype=\"https:\/\/schema.org\/CreativeWork\" ><div class='avia_textblock'  itemprop=\"text\" ><h3>Projekat se realizuje uz podr\u0161ku<\/h3>\n<h4><\/h4>\n<\/div><\/section>\n<div class='flex_column_table av-86avcc-026133c8102a3b21ece4e4d64258d9af sc-av_one_third av-equal-height-column-flextable'>\n<style type=\"text\/css\" data-created_by=\"avia_inline_auto\" id=\"style-css-av-86avcc-026133c8102a3b21ece4e4d64258d9af\">\n.flex_column.av-86avcc-026133c8102a3b21ece4e4d64258d9af{\nborder-width:1px;\nborder-color:#707070;\nborder-style:solid;\nborder-radius:0px 0px 0px 0px;\npadding:10px 10px 10px 10px;\n}\n<\/style>\n<div  class='flex_column av-86avcc-026133c8102a3b21ece4e4d64258d9af av_one_third  avia-builder-el-86  el_after_av_textblock  el_before_av_one_third  first flex_column_table_cell av-equal-height-column av-align-top  column-top-margin'     ><section  class='av_textblock_section av-1p9t65o-b86d09f1231c26da8a36ccb0e0631916 '   itemscope=\"itemscope\" itemtype=\"https:\/\/schema.org\/CreativeWork\" ><div class='avia_textblock'  itemprop=\"text\" ><p><strong><a href=\"https:\/\/www.minrzs.gov.rs\/sr\/projekti\/programi\/program-prava-jednakost-i-drzavljanstvo\" target=\"_blank\" rel=\"noopener noreferrer nofollow\">\u201ePrava, jednakost i dr\u017eavljanstvo\u201c\u00a0<\/a><br \/>\n(Rights, Equality and Citizenship &#8211; REC program)<br \/>\n<\/strong><\/p>\n<p>Program Evropske unije \u201ePrava, jednakost i dr\u017eavljanstvo\u201c\u00a0 predstavlja instrument Evropske unije \u010diji je cilj promovisanje, za\u0161tita i primena prava koja obezbe\u0111uju jednakost gra\u0111ana koja su garantovana Ugovorom o funkcionisanju Evropske unije (UFEU), Ugovorom o Evropskoj uniji (UEU), Poveljom Evropske unije o osnovnim pravima (\u201ePovelja\u201d), kao i me\u0111unarodnim konvencijama o ljudskim pravima.<\/p>\n<\/div><\/section><\/div>\n<div class='av-flex-placeholder'><\/div>\n<style type=\"text\/css\" data-created_by=\"avia_inline_auto\" id=\"style-css-av-19j4sks-3f420ed0b9d10a1fbc675883da97ba6c\">\n.flex_column.av-19j4sks-3f420ed0b9d10a1fbc675883da97ba6c{\nborder-width:1px;\nborder-color:#707070;\nborder-style:solid;\nborder-radius:0px 0px 0px 0px;\npadding:10px 10px 10px 10px;\n}\n<\/style>\n<div  class='flex_column av-19j4sks-3f420ed0b9d10a1fbc675883da97ba6c av_one_third  avia-builder-el-88  el_after_av_one_third  el_before_av_one_third  flex_column_table_cell av-equal-height-column av-align-top  column-top-margin'     ><section  class='av_textblock_section av-l0gglkd8-8050fc94399ec2657373c7e1ce7c49dc '   itemscope=\"itemscope\" itemtype=\"https:\/\/schema.org\/CreativeWork\" ><div class='avia_textblock'  itemprop=\"text\" ><p><strong><a href=\"https:\/\/www.kultura.gov.rs\/\" target=\"_blank\" rel=\"noopener noreferrer nofollow\">\u201eMinistarstvo kulture i informisanja\u201c<\/a><br \/>\n<\/strong><\/p>\n<p>Ministarstvo kulture i informisanja Republike Srbije je kao organ dr\u017eavne uprave obrazovano i njegov delokrug je utvr\u0111en \u010dlanom 15. Zakona o ministarstvima.<\/p>\n<p>Ministarstvo, izme\u0111u ostalog, obavlja poslove dr\u017eavne uprave koji se odnose na: razvoj i unapre\u0111enje kulture i umetni\u010dkog stvarala\u0161tva; pra\u0107enje i istra\u017eivanje u oblasti kulture; obezbe\u0111ivanja materijalne osnove za delatnosti kulture; za\u0161titu nepokretnog, pokretnog i nematerijalnog kulturnog nasle\u0111a; bibliote\u010dku, izdava\u010dku, kinematografsku i muzi\u010dko-scensku delatnost.<\/p>\n<\/div><\/section><\/div>\n<div class='av-flex-placeholder'><\/div>\n<style type=\"text\/css\" data-created_by=\"avia_inline_auto\" id=\"style-css-av-qnvci4-42a0e6cebb75bef48a26342d49ea60fa\">\n.flex_column.av-qnvci4-42a0e6cebb75bef48a26342d49ea60fa{\nborder-width:1px;\nborder-color:#707070;\nborder-style:solid;\nborder-radius:0px 0px 0px 0px;\npadding:10px 10px 10px 10px;\n}\n<\/style>\n<div  class='flex_column av-qnvci4-42a0e6cebb75bef48a26342d49ea60fa av_one_third  avia-builder-el-90  el_after_av_one_third  avia-builder-el-last  flex_column_table_cell av-equal-height-column av-align-top  column-top-margin'     ><section  class='av_textblock_section av-l0ggpu3a-7d75b2b22777ff5b9c4b537a56914956 '   itemscope=\"itemscope\" itemtype=\"https:\/\/schema.org\/CreativeWork\" ><div class='avia_textblock'  itemprop=\"text\" ><p><strong><a href=\"http:\/\/www.psf.vojvodina.gov.rs\/\" target=\"_blank\" rel=\"noopener noreferrer nofollow\">\u201eAutonomna Pokrajina Vojvodina &#8211; Pokrajinski sekretarijat za finansije<\/a>\u201c<\/strong><\/p>\n<p>Pokrajinski sekretarijat za finansije, u skladu sa zakonom i Statutom, obavlja poslove pokrajinske uprave u oblasti finansija i ekonomije, kao i poslove pokrajinskog bud\u017eeta i trezora u skladu sa zakonom.<\/p>\n<p>Pokrajinski sekretarijat za finansije, izme\u0111u ostalog, obavlja poslove pripreme, pra\u0107enja sprovo\u0111enja i izve\u0161tavanja o realizaciji kapitalnih projekata u skladu sa aktima kojima je ure\u0111ena ova oblast i uskla\u0111uje aktivnosti s ciljem uspe\u0161nog kori\u0161\u0107enja sredstava iz pretpristupnih, strukturnih i kohezionih fondova Evropske unije u Autonomnoj pokrajini Vojvodini.<\/p>\n<\/div><\/section><\/div><\/div><!--close column table wrapper. Autoclose: 1 -->\n","protected":false},"excerpt":{"rendered":"<p>Cilj HANNAH projekta je da promovi\u0161e \u017eivot Jevreja i da doprinese boljem razumevanju jevrejske tradicije, istorije i kontribucije Jevreja u Evropi pre i posle Holokausta sa fokusom na lokalni kontekst Drezdena, Hamburga, Atine, Soluna, Krakova i Novog Sada.<\/p>\n","protected":false},"author":1,"featured_media":0,"parent":0,"menu_order":24,"comment_status":"closed","ping_status":"closed","template":"","meta":{"footnotes":""},"class_list":["post-14284","page","type-page","status-publish","hentry"],"aioseo_notices":[],"jetpack_sharing_enabled":true,"_links":{"self":[{"href":"https:\/\/terraforming.org\/sr\/wp-json\/wp\/v2\/pages\/14284","targetHints":{"allow":["GET"]}}],"collection":[{"href":"https:\/\/terraforming.org\/sr\/wp-json\/wp\/v2\/pages"}],"about":[{"href":"https:\/\/terraforming.org\/sr\/wp-json\/wp\/v2\/types\/page"}],"author":[{"embeddable":true,"href":"https:\/\/terraforming.org\/sr\/wp-json\/wp\/v2\/users\/1"}],"replies":[{"embeddable":true,"href":"https:\/\/terraforming.org\/sr\/wp-json\/wp\/v2\/comments?post=14284"}],"version-history":[{"count":110,"href":"https:\/\/terraforming.org\/sr\/wp-json\/wp\/v2\/pages\/14284\/revisions"}],"predecessor-version":[{"id":17211,"href":"https:\/\/terraforming.org\/sr\/wp-json\/wp\/v2\/pages\/14284\/revisions\/17211"}],"wp:attachment":[{"href":"https:\/\/terraforming.org\/sr\/wp-json\/wp\/v2\/media?parent=14284"}],"curies":[{"name":"wp","href":"https:\/\/api.w.org\/{rel}","templated":true}]}}